{"id":852,"date":"2022-02-01T19:49:52","date_gmt":"2022-02-01T18:49:52","guid":{"rendered":"https:\/\/www.vos-sosmost.cz\/?page_id=852"},"modified":"2025-12-17T08:18:25","modified_gmt":"2025-12-17T07:18:25","slug":"poradenske-sluzby","status":"publish","type":"page","link":"https:\/\/www.vos-sosmost.cz\/index.php\/o-skole\/poradenske-sluzby\/","title":{"rendered":"Feel okay &#8211; \u0161koln\u00ed poradensk\u00e9 pracovi\u0161t\u011b"},"content":{"rendered":"<p><img loading=\"lazy\" decoding=\"async\" class=\"size-medium wp-image-6522 aligncenter\" src=\"https:\/\/www.vos-sosmost.cz\/wp-content\/uploads\/2022\/10\/feelokay-300x235.jpg\" alt=\"\" width=\"300\" height=\"235\" srcset=\"https:\/\/www.vos-sosmost.cz\/wp-content\/uploads\/2022\/10\/feelokay-300x235.jpg 300w, https:\/\/www.vos-sosmost.cz\/wp-content\/uploads\/2022\/10\/feelokay-344x270.jpg 344w, https:\/\/www.vos-sosmost.cz\/wp-content\/uploads\/2022\/10\/feelokay-24x19.jpg 24w, https:\/\/www.vos-sosmost.cz\/wp-content\/uploads\/2022\/10\/feelokay-36x28.jpg 36w, https:\/\/www.vos-sosmost.cz\/wp-content\/uploads\/2022\/10\/feelokay-48x38.jpg 48w, https:\/\/www.vos-sosmost.cz\/wp-content\/uploads\/2022\/10\/feelokay.jpg 537w\" sizes=\"auto, (max-width: 300px) 100vw, 300px\" \/><\/p>\n<p>Elektronick\u00e1 schr\u00e1nka d\u016fv\u011bry: <strong>feelokay [zavin\u00e1\u010d] vos-sosmost.cz<\/strong><\/p>\n<p><strong>Pracovn\u00edci \u0161koln\u00edho poradensk\u00e9ho pracovi\u0161t\u011b<\/strong><\/p>\n<p><strong>\u0160koln\u00ed psycholog<\/strong><\/p>\n<ul>\n<li>Mgr. Veronika Smet\u00e1nkov\u00e1\n<ul>\n<li>kontakt: e-mail smetankova(zavinac)vos-sosmost.cz<\/li>\n<\/ul>\n<\/li>\n<li>Konzultace (nutn\u00e9 domluvit p\u0159edem p\u0159es e-mail, p\u0159\u00edpadn\u011b p\u0159es v\u00fdchovn\u00e9 poradce \u010di t\u0159\u00eddn\u00ed u\u010ditele)\n<ul>\n<li>pond\u011bl\u00ed 8:00 \u2013 15:00 hodin budova A (C401)<\/li>\n<li>\u00fater\u00fd 8:00 \u2013 15:00 hodin budova B (Z403)<\/li>\n<\/ul>\n<\/li>\n<\/ul>\n<p><strong>V\u00fdchovn\u00fd poradce pro budovu A<\/strong><\/p>\n<ul>\n<li>Mgr. Martina Kre\u0161ne,&nbsp;\n<ul>\n<li>kontakt: mobil 777 223 516, e-mail kresne(zavinac)vos-sosmost.cz<\/li>\n<li>konzultace: pond\u011bl\u00ed 13:30 \u2013 16:30 hodin<\/li>\n<\/ul>\n<\/li>\n<li>Mgr. Lenka Ruck\u00e1, DiS.\n<ul>\n<li>kontakt: mobil 604 283 555, e-mail rucka(zavinac)vos-sosmost.cz<\/li>\n<li>konzultace: pond\u011bl\u00ed 13:30 \u2013 16:30 hodin<\/li>\n<\/ul>\n<\/li>\n<\/ul>\n<p><strong>V\u00fdchovn\u00fd poradce pro budovu B<\/strong><\/p>\n<ul>\n<li>PhDr. Jaroslava Arno\u0161tov\u00e1\n<ul>\n<li>kontakt: mobil 732 307 298, e-mail arnostova(zavinac)vos-sosmost.cz<\/li>\n<li>konzultace: pond\u011bl\u00ed 13:30 \u2013 16:30 hodin<\/li>\n<\/ul>\n<\/li>\n<li>Mgr. Hana Elexov\u00e1\n<ul>\n<li>kontakt: e-mail elexova(zavinac)vos-sosmost.cz<\/li>\n<li>konzultace: rezervace p\u0159es e-mail<\/li>\n<\/ul>\n<\/li>\n<\/ul>\n<p><strong>Metodik prevence rizikov\u00e9ho chov\u00e1n\u00ed pro budovu A<\/strong><\/p>\n<ul>\n<li>Mgr. Martina Kre\u0161ne\n<ul>\n<li>kontakt: mobil 777 223 516, e-mail kresne(zavinac)vos-sosmost.cz<\/li>\n<li>konzultace: pond\u011bl\u00ed 13:30 \u2013 16:30 hodin<\/li>\n<\/ul>\n<\/li>\n<li>Mgr. Barbora \u010cechov\u00e1\n<ul>\n<li>kontakt: e-mail cechova(zavinac)vos-sosmost.cz<\/li>\n<li>konzultace: rezervace p\u0159es e-mail<\/li>\n<\/ul>\n<\/li>\n<\/ul>\n<p><strong>Metodik prevence rizikov\u00e9ho chov\u00e1n\u00ed pro budovu B<\/strong><\/p>\n<ul>\n<li>Mgr. Martina Krej\u010dov\u00e1\n<ul>\n<li>kontakt: e-mail krejcova(zavinac)vos-sosmost.cz<\/li>\n<li>konzultace: pond\u011bl\u00ed od 7:10<\/li>\n<\/ul>\n<\/li>\n<li>Mgr. Silvie Fuksov\u00e1\n<ul>\n<li>kontakt: e-mail fuksova(zavinac)vos-sosmost.cz<\/li>\n<li>konzultace: rezervace p\u0159es e-mail<\/li>\n<\/ul>\n<\/li>\n<\/ul>\n<p><strong>Kari\u00e9rov\u00e1 poradkyn\u011b pro budovu A<\/strong><\/p>\n<ul>\n<li>Mgr. Eva Povov\u00e1, DiS.\n<ul>\n<li>kontakt: e-mail povova(zavinac)vos-sosmost.cz<\/li>\n<li>konzultace: rezervace p\u0159es e-mail<\/li>\n<\/ul>\n<\/li>\n<\/ul>\n<p><strong>Kari\u00e9rov\u00e1 poradkyn\u011b pro budovu B<\/strong><\/p>\n<ul>\n<li>Mgr. Anna Milerov\u00e1\n<ul>\n<li>kontakt: e-mail milerova(zavinac)vos-sosmost.cz<\/li>\n<li>konzultace: rezervace p\u0159es e-mail<\/li>\n<\/ul>\n<\/li>\n<\/ul>\n<p><strong>Koordin\u00e1torka pro nadan\u00e9 \u017e\u00e1ky pro budovu A<\/strong><\/p>\n<ul>\n<li>Mgr. Monika Hol\u00e1, DiS.\n<ul>\n<li>kontakt: e-mail hola(zavinac)vos-sosmost.cz<\/li>\n<li>konzultace: rezervace p\u0159es e-mail<\/li>\n<\/ul>\n<\/li>\n<\/ul>\n<p><strong>Koordin\u00e1torka pro nadan\u00e9 \u017e\u00e1ky pro budovu B<\/strong><\/p>\n<ul>\n<li>Mgr. Silvie Fuksov\u00e1\n<ul>\n<li>kontakt: e-mail fuksova(zavinac)vos-sosmost.cz<\/li>\n<li>konzultace: rezervace p\u0159es e-mail<\/li>\n<\/ul>\n<\/li>\n<\/ul>\n<p><strong>Z\u00e1stupkyn\u011b \u0159editelky pro poradensk\u00e9 slu\u017eby<\/strong><\/p>\n<ul>\n<li>Mgr. Eli\u0161ka Pale\u010dkov\u00e1\n<ul>\n<li>kontakt: mobil 771 274 606, e-mail paleckova(zavinac)vos-sosmost.cz<\/li>\n<\/ul>\n<\/li>\n<\/ul>\n<h4><strong>Obecn\u00e1 charakteristika poradensk\u00fdch slu\u017eeb FEEL OKAY (kompetence)<\/strong><\/h4>\n<p>Poraden\u0161t\u00ed pracovn\u00edci \u0161koly poskytuj\u00ed slu\u017eby \u017e\u00e1k\u016fm, jejich z\u00e1konn\u00fdm z\u00e1stupc\u016fm a pedagogick\u00fdm pracovn\u00edk\u016fm \u0161koly. Podm\u00ednkou pro poskytnut\u00ed \u0161koln\u00ed poradensk\u00e9 slu\u017eby nezletil\u00e9mu \u017e\u00e1kovi je informovan\u00fd souhlas jeho z\u00e1konn\u00fdch z\u00e1stupc\u016f. Souhlasu z\u00e1konn\u00e9ho z\u00e1stupce nen\u00ed t\u0159eba v p\u0159\u00edpadech, kdy je ohro\u017eeno du\u0161evn\u00ed nebo t\u011blesn\u00e9 zdrav\u00ed \u017e\u00e1ka nebo osob v jeho okol\u00ed a v p\u0159\u00edpadech, kdy soud po\u017e\u00e1d\u00e1 o psychologick\u00e9 vy\u0161et\u0159en\u00ed \u017e\u00e1ka.<\/p>\n<p>Jedn\u00e1 se o n\u00e1sleduj\u00edc\u00ed slu\u017eby:<\/p>\n<ul>\n<li>prevence \u0161koln\u00ed ne\u00fasp\u011b\u0161nosti<\/li>\n<li>prim\u00e1rn\u00ed prevenci rizikov\u00e9ho chov\u00e1n\u00ed \u017e\u00e1k\u016f<\/li>\n<li>kari\u00e9rov\u00e9 poradenstv\u00ed, kter\u00e9 zahrnuje vzd\u011bl\u00e1vac\u00ed, informa\u010dn\u00ed a poradenskou podporu k vhodn\u00e9 volb\u011b vzd\u011bl\u00e1vac\u00ed cesty a pozd\u011bj\u0161\u00edmu profesn\u00edmu uplatn\u011bn\u00ed<\/li>\n<li>odbornou podporu p\u0159i integraci a vzd\u011bl\u00e1v\u00e1n\u00ed \u017e\u00e1k\u016f se speci\u00e1ln\u00edmi vzd\u011bl\u00e1vac\u00edmi pot\u0159ebami, v\u010detn\u011b \u017e\u00e1k\u016f z jin\u00e9ho kulturn\u00edho prost\u0159ed\u00ed a \u017e\u00e1k\u016f se soci\u00e1ln\u00edm znev\u00fdhodn\u011bn\u00edm<\/li>\n<li>p\u00e9\u010di o vzd\u011bl\u00e1v\u00e1n\u00ed nadan\u00fdch a mimo\u0159\u00e1dn\u011b nadan\u00fdch \u017e\u00e1k\u016f<\/li>\n<li>pr\u016fb\u011b\u017enou a dlouhodobou p\u00e9\u010di o \u017e\u00e1ky s v\u00fdchovn\u00fdmi \u010di v\u00fdukov\u00fdmi obt\u00ed\u017eemi a vytv\u00e1\u0159en\u00ed p\u0159edpoklad\u016f pro jejich sni\u017eov\u00e1n\u00ed.<\/li>\n<\/ul>\n<p><strong>\u0160koln\u00ed psycholog<\/strong><\/p>\n<p>\u0160koln\u00ed psycholo\u017eka na na\u0161\u00ed \u0161kole je Mgr. Veronika Smet\u00e1nkov\u00e1 a poskytuje n\u00e1sleduj\u00edc\u00ed slu\u017eby:<\/p>\n<ul>\n<li>nab\u00edz\u00ed konzulta\u010dn\u00ed, poradensk\u00e9 a interven\u010dn\u00ed \u010dinnosti dle zak\u00e1zky u\u010ditel\u016f, \u017e\u00e1k\u016f, rodi\u010d\u016f \u017e\u00e1k\u016f,<\/li>\n<li>se sna\u017e\u00ed o vyu\u017eit\u00ed potenci\u00e1lu \u017e\u00e1k\u016f, zdrav\u00e9 klima \u0161koly a p\u0159\u00e1telsk\u00e9 vztahy mezi \u017e\u00e1ky, pedagogy a dal\u0161\u00edmi specialisty,<\/li>\n<li>pom\u00e1h\u00e1 s p\u00e9\u010d\u00ed o integrovan\u00e9 \u017e\u00e1ky (IVP, PLPP, veden\u00ed),<\/li>\n<li>spolupracuje p\u0159i koordinaci poradensk\u00fdch slu\u017eeb ve \u0161kole (v\u00fdchovn\u00fd poradce, \u0161koln\u00ed metodik prevence, t\u0159\u00eddn\u00ed u\u010ditel\u00e9),<\/li>\n<li>spolupracuje p\u0159i koordinaci poradensk\u00fdch slu\u017eeb mimo \u0161kolu a spolupracuje se \u0161kolsk\u00fdmi poradensk\u00fdmi za\u0159\u00edzen\u00edmi, zdravotnick\u00fdmi a dal\u0161\u00edmi za\u0159\u00edzen\u00edmi (PPP, SPC, SVP, Rodinn\u00e9 poradny, Krizov\u00e1 centra, klini\u010dt\u00ed psychologov\u00e9, psychiat\u0159i a dal\u0161\u00ed), p\u0159ed\u00e1v\u00e1 kontakty pomoci dle pot\u0159eby,<\/li>\n<li>nab\u00edz\u00ed krizovou intervenci,<\/li>\n<li>podporuje spolupr\u00e1ci t\u0159\u00eddn\u00edho u\u010ditele s t\u0159\u00eddou,<\/li>\n<li>pracuje s t\u0159\u00eddn\u00edmi kolektivy,<\/li>\n<li>konzultuje se z\u00e1konn\u00fdmi z\u00e1stupci p\u0159i v\u00fdukov\u00fdch a v\u00fdchovn\u00fdch \u010di jin\u00fdch probl\u00e9mech \u017e\u00e1ka.<\/li>\n<\/ul>\n<p>\u0160koln\u00ed psycholog je v\u00e1zan\u00fd povinnost\u00ed ml\u010denlivosti.<\/p>\n<p>\u010cinnost \u0161koln\u00edho psychologa je samostatn\u00e1 poradensk\u00e1 \u010dinnost, kter\u00e1 nen\u00ed p\u0159\u00edmou sou\u010d\u00e1st\u00ed vzd\u011bl\u00e1vac\u00ed \u010dinnosti \u0161koly, psycholog je nez\u00e1visl\u00fdm pracovn\u00edkem \u0161koly. Poskytuje komplexn\u00ed bezplatnou slu\u017ebu \u017e\u00e1k\u016fm, rodi\u010d\u016fm a pedagog\u016fm, kter\u00e1 vych\u00e1z\u00ed ze standardn\u00edch \u010dinnost\u00ed vymezen\u00fdch vyhl\u00e1\u0161kou \u010d.72\/2005 Sb., O poskytov\u00e1n\u00ed poradensk\u00fdch slu\u017eeb ve \u0161kol\u00e1ch a \u0161kolsk\u00fdch poradensk\u00fdch za\u0159\u00edzen\u00edch, ve smyslu vyhl\u00e1\u0161ky \u010d.116\/2011 Sb. Informace a d\u016fv\u011brn\u00e1 data, kter\u00e1 se \u0161koln\u00ed psycholog dozv\u00ed v souvislosti s v\u00fdkonem sv\u00e9 \u010dinnosti, jsou chr\u00e1n\u011bna podle z\u00e1kona \u010d.101\/2000 Sb., O ochran\u011b osobn\u00edch \u00fadaj\u016f.<br \/>\n&nbsp;<\/p>\n<p><strong>V\u00fdchovn\u00fd poradce<\/strong><\/p>\n<p>V\u00fdchovn\u00e9mu poradenstv\u00ed se v\u011bnuje PhDr. Jaroslava Arno\u0161tov\u00e1, Mgr. Lenka Bene\u0161ov\u00e1 Ruck\u00e1, Dis. a Mgr. Martina Kre\u0161ne. V\u00fdchovn\u00e9 poradkyn\u011b poskytuj\u00ed n\u00e1sleduj\u00edc\u00ed slu\u017eby:<\/p>\n<ul>\n<li>poskytuje poradenstv\u00ed a krizovou intervenci v oblasti v\u00fdchovn\u00fdch probl\u00e9m\u016f pro \u017e\u00e1ky, z\u00e1konn\u00e9 z\u00e1stupce a pedagogy<\/li>\n<li>spolupracuje s odborn\u00fdmi institucemi a \u0161kolsk\u00fdmi poradensk\u00fdmi za\u0159\u00edzen\u00edmi (pedagogicko-psychologick\u00e1 poradna, speci\u00e1ln\u011b pedagogick\u00e9 centrum a st\u0159edisko v\u00fdchovn\u00e9 p\u00e9\u010de) p\u0159i zaji\u0161\u0165ov\u00e1n\u00ed poradensk\u00fdch slu\u017eeb, kter\u00e9 p\u0159esahuj\u00ed kompetence \u0161koly<\/li>\n<li>poskytuje individu\u00e1ln\u00ed konzultace (\u0161koln\u00ed i osobn\u00ed probl\u00e9my, speci\u00e1ln\u00ed vzd\u011bl\u00e1vac\u00ed pot\u0159eby \u2013 v\u00fdvojov\u00e9 poruchy u\u010den\u00ed a chov\u00e1n\u00ed)<\/li>\n<li>nab\u00edz\u00ed karierov\u00e9 poradenstv\u00ed p\u0159i rozhodov\u00e1n\u00ed o dal\u0161\u00ed vzd\u011bl\u00e1vac\u00ed a profesn\u00ed dr\u00e1ze \u017e\u00e1k\u016f<\/li>\n<li>vyhled\u00e1v\u00e1 a prov\u00e1d\u00ed orienta\u010dn\u00ed \u0161et\u0159en\u00ed \u017e\u00e1k\u016f, jejich\u017e v\u00fdvoj a vzd\u011bl\u00e1v\u00e1n\u00ed vy\u017eaduj\u00ed zvl\u00e1\u0161tn\u00ed pozornost, a p\u0159ipravuje n\u00e1vrhy na dal\u0161\u00ed p\u00e9\u010di o tyto \u017e\u00e1ky<\/li>\n<li>zaji\u0161\u0165uje nebo zprost\u0159edkov\u00e1v\u00e1 diagnostiku speci\u00e1ln\u00edch vzd\u011bl\u00e1vac\u00edch pot\u0159eb (vstupn\u00ed a pr\u016fb\u011b\u017en\u00e9) a interven\u010dn\u00ed \u010dinnosti pro \u017e\u00e1ky se speci\u00e1ln\u00edmi vzd\u011bl\u00e1vac\u00edmi pot\u0159ebami<\/li>\n<li>p\u0159ipravuje podm\u00ednky pro inkluzi \/ integraci \u017e\u00e1k\u016f se speci\u00e1ln\u00edmi vzd\u011bl\u00e1vac\u00edmi pot\u0159ebami ve \u0161kole, koordinuje poskytov\u00e1n\u00ed poradensk\u00fdch slu\u017eeb t\u011bmto \u017e\u00e1k\u016fm \u0161kolou a \u0161kolsk\u00fdmi poradensk\u00fdmi za\u0159\u00edzen\u00edmi a koordinuje vzd\u011bl\u00e1vac\u00ed opat\u0159en\u00ed (v\u010detn\u011b zvl\u00e1\u0161tn\u00edho re\u017eimu p\u0159ij\u00edmac\u00edch zkou\u0161ek a maturit) u t\u011bchto \u017e\u00e1k\u016f<\/li>\n<li>poskytuje informace o \u010dinnosti poradensk\u00fdch pracovn\u00edk\u016f \u0161koly, o specializovan\u00fdch \u0161kolsk\u00fdch a dal\u0161\u00edch poradensk\u00fdch za\u0159\u00edzen\u00edch v regionu, o jejich zam\u011b\u0159en\u00ed, kompetenc\u00edch a o mo\u017enostech vyu\u017e\u00edv\u00e1n\u00ed jejich slu\u017eeb \u017e\u00e1k\u016fm a jejich z\u00e1konn\u00fdm z\u00e1stupc\u016fm<\/li>\n<li>shroma\u017e\u010fuje a zaji\u0161\u0165uje odborn\u00e9 zpr\u00e1vy a informace o \u017e\u00e1c\u00edch v poradensk\u00e9 p\u00e9\u010di specializovan\u00fdch poradensk\u00fdch za\u0159\u00edzen\u00ed v souladu s p\u0159edpisy o ochran\u011b osobn\u00edch \u00fadaj\u016f<\/li>\n<li>vede p\u00edsemn\u00e9 z\u00e1znamy umo\u017e\u0148uj\u00edc\u00ed dolo\u017eit rozsah a obsah \u010dinnosti v\u00fdchovn\u00e9ho poradce, navr\u017een\u00e1 a realizovan\u00e1 opat\u0159en\u00ed.<\/li>\n<\/ul>\n<p><strong>\u0160koln\u00ed metodik prevence<\/strong><\/p>\n<p>Metodi\u010dkami prevence jsou PhDr. Jaroslava Arno\u0161tov\u00e1, Mgr. Martina Kre\u0161ne a Mgr. Martina Krej\u010dov\u00e1 a poskytuj\u00ed n\u00e1sleduj\u00edc\u00ed slu\u017eby:<\/p>\n<ul>\n<li>zpracov\u00e1v\u00e1 a realizuje Minim\u00e1ln\u00ed preventivn\u00ed program na \u0161kole<\/li>\n<li>pracuje s t\u0159\u00eddn\u00edmi kolektivy v r\u00e1mci prim\u00e1rn\u00ed a sekund\u00e1rn\u00ed prevence a poskytuje krizovou intervenci v oblasti v\u00fdchovn\u00fdch probl\u00e9m\u016f pro \u017e\u00e1ky, z\u00e1konn\u00e9 z\u00e1stupce a pedagogy \u2013 \u0159e\u0161\u00ed nevhodn\u00e9 formy chov\u00e1n\u00ed (nap\u0159. \u0161ikana)<\/li>\n<li>kontaktuje odpov\u00eddaj\u00edc\u00ed odborn\u00e9 pracovi\u0161t\u011b a pod\u00edl\u00ed se na intervenci a n\u00e1sledn\u00e9 p\u00e9\u010di v p\u0159\u00edpad\u011b akutn\u00edho v\u00fdskytu rizikov\u00e9ho chov\u00e1n\u00ed<\/li>\n<li>koordinuje a pod\u00edl\u00ed se na realizaci aktivit \u0161koly zam\u011b\u0159en\u00fdch na prevenci z\u00e1\u0161kol\u00e1ctv\u00ed, z\u00e1vislost\u00ed, n\u00e1sil\u00ed, vandalizmu, sexu\u00e1ln\u00edho zneu\u017e\u00edv\u00e1n\u00ed, zneu\u017e\u00edv\u00e1n\u00ed sektami, krimin\u00e1ln\u00edho chov\u00e1n\u00ed, rizikov\u00fdch projev\u016f sebepo\u0161kozov\u00e1n\u00ed a dal\u0161\u00edch projev\u016f rizikov\u00e9ho chov\u00e1n\u00ed<\/li>\n<li>metodicky vede \u010dinnosti u\u010ditel\u016f \u0161koly v oblasti prevence rizikov\u00e9ho chov\u00e1n\u00ed \u017e\u00e1k\u016f (vyhled\u00e1v\u00e1n\u00ed probl\u00e9mov\u00fdch projev\u016f chov\u00e1n\u00ed, preventivn\u00ed pr\u00e1ce s t\u0159\u00eddn\u00edmi kolektivy apod.)<\/li>\n<li>pod\u00edl\u00ed se na integraci \u017e\u00e1k\u016f\/cizinc\u016f a \u017e\u00e1k\u016f ze soci\u00e1ln\u011b znev\u00fdhodn\u011bn\u00e9ho prost\u0159ed\u00ed do vzd\u011bl\u00e1vac\u00edho procesu<\/li>\n<li>koordinuje spolupr\u00e1ci \u0161koly s org\u00e1ny st\u00e1tn\u00ed spr\u00e1vy a samospr\u00e1vy, kter\u00e9 maj\u00ed v kompetenci problematiku prevence soci\u00e1ln\u011b patologick\u00fdch jev\u016f, s metodikem preventivn\u00edch aktivit v pedagogicko-psychologick\u00e9 poradn\u011b a s odborn\u00fdmi pracovi\u0161ti (poradensk\u00fdmi, terapeutick\u00fdmi, preventivn\u00edmi, krizov\u00fdmi a dal\u0161\u00edmi za\u0159\u00edzen\u00edmi a institucemi), kter\u00e9 p\u016fsob\u00ed v oblasti prevence rizikov\u00e9ho chov\u00e1n\u00ed \u017e\u00e1k\u016f<\/li>\n<li>shroma\u017e\u010fuje a zaji\u0161\u0165uje odborn\u00e9 zpr\u00e1vy a informace o \u017e\u00e1c\u00edch v poradensk\u00e9 p\u00e9\u010di specializovan\u00fdch poradensk\u00fdch za\u0159\u00edzen\u00ed v r\u00e1mci prevence soci\u00e1ln\u011b patologick\u00fdch jev\u016f v souladu s p\u0159edpisy o ochran\u011b osobn\u00edch \u00fadaj\u016f<\/li>\n<li>vede p\u00edsemn\u00e9 z\u00e1znamy umo\u017e\u0148uj\u00edc\u00edch dolo\u017eit rozsah a obsah \u010dinnosti \u0161koln\u00edho metodika prevence, navr\u017een\u00e1 a realizovan\u00e1 opat\u0159en\u00ed.<\/li>\n<\/ul>\n<p>&nbsp;<\/p>\n<h4>\u0160ablony VO\u0160, OA, SPg\u0160 a SZ\u0160 Most V<\/h4>\n<p>V r\u00e1mci projektu OP VVV \u0160ablony VO\u0160, OA, SPg\u0160 a SZ\u0160 Most II \u0161kola sv\u00fdm \u017e\u00e1k\u016fm a student\u016fm poskytuje kari\u00e9rov\u00e9 poradenstv\u00ed.<\/p>\n<p><strong>Kari\u00e9rov\u00fd poradce pro S\u0160<\/strong><\/p>\n<p>Kari\u00e9rov\u00e9mu poradenstv\u00ed pro OA, SPg\u0160 a SZ\u0160 se v\u011bnuj\u00ed Mgr. Eva Povov\u00e1 a Mgr. Anna Milerov\u00e1 a poskytuj\u00ed n\u00e1sleduj\u00edc\u00ed slu\u017eby:<\/p>\n<ul>\n<li>informace o pomaturitn\u00edm vzd\u011bl\u00e1v\u00e1n\u00ed<\/li>\n<li>informace o vzd\u011bl\u00e1v\u00e1n\u00ed v zahrani\u010d\u00ed<\/li>\n<li>informace ke zv\u00fd\u0161en\u00ed uplatnitelnosti na trhu pr\u00e1ce<\/li>\n<li>skupinov\u00e1 pr\u00e1ce s jednotliv\u00fdmi t\u0159\u00eddami maturitn\u00edho ro\u010dn\u00edku<\/li>\n<li>individu\u00e1ln\u00ed poradenstv\u00ed k pomaturitn\u00edmu vzd\u011bl\u00e1v\u00e1n\u00ed<\/li>\n<li>individu\u00e1ln\u00ed poradenstv\u00ed pro \u017e\u00e1ky, kte\u0159\u00ed zva\u017euj\u00ed p\u0159estup na jin\u00fd obor vzd\u011bl\u00e1n\u00ed S\u0160<\/li>\n<\/ul>\n<div class=\"entry-content\">\n<p><img loading=\"lazy\" decoding=\"async\" class=\"alignnone size-full wp-image-1151\" src=\"https:\/\/www.vos-sosmost.cz\/wp-content\/uploads\/2018\/02\/Logolink_OP_VVV_hor_barva_cz.jpg\" sizes=\"auto, (max-width: 1559px) 100vw, 1559px\" srcset=\"https:\/\/www.vos-sosmost.cz\/wp-content\/uploads\/2018\/02\/Logolink_OP_VVV_hor_barva_cz.jpg 1559w, https:\/\/www.vos-sosmost.cz\/wp-content\/uploads\/2018\/02\/Logolink_OP_VVV_hor_barva_cz-300x67.jpg 300w, https:\/\/www.vos-sosmost.cz\/wp-content\/uploads\/2018\/02\/Logolink_OP_VVV_hor_barva_cz-768x170.jpg 768w, https:\/\/www.vos-sosmost.cz\/wp-content\/uploads\/2018\/02\/Logolink_OP_VVV_hor_barva_cz-1024x227.jpg 1024w, https:\/\/www.vos-sosmost.cz\/wp-content\/uploads\/2018\/02\/Logolink_OP_VVV_hor_barva_cz-360x80.jpg 360w\" alt=\"\" width=\"1559\" height=\"346\"><\/p>\n<p><strong>D\u016fle\u017eit\u00e1 telefonn\u00ed \u010d\u00edsla pro va\u0161i pot\u0159ebu<\/strong><\/p>\n<ul>\n<li>Linka du\u0161evn\u00ed t\u00edsn\u011b \u2013 476 701 444<\/li>\n<li>Linka bezpe\u010d\u00ed \u2013 800 155 555 prim\u00e1rn\u011b ur\u010dena d\u011btem a dosp\u00edvaj\u00edc\u00edm v t\u011b\u017ek\u00fdch \u017eivotn\u00edch situac\u00edch \u2013 nonstop bezplatn\u00fd provoz z pevn\u00e9 i mobiln\u00ed s\u00edt\u011b<\/li>\n<li>Linka vzkaz dom\u016f \u2013 800 111 113, 724 724 777 zam\u011b\u0159ena zejm\u00e9na na d\u011bti na \u00fat\u011bku z domova \u010di \u00fastavn\u00edch za\u0159\u00edzen\u00ed, bezplatn\u00e9 vol\u00e1n\u00ed<\/li>\n<li>Rodi\u010dovsk\u00e1 linka \u2013 283 852 222 pom\u00e1h\u00e1 \u0159e\u0161it dosp\u011bl\u00fdm v\u00fdchovn\u00e9 probl\u00e9my<\/li>\n<li>Internetov\u00e1 linka bezpe\u010d\u00ed \u2013&nbsp;<a href=\"mailto:ilb@linkabezpeci.cz\">ilb@linkabezpeci.cz<\/a>pro d\u011bti v nouzi<\/li>\n<li>Chat Linky bezpe\u010d\u00ed pro d\u011bti v nouzi \u2013&nbsp;<a href=\"https:\/\/chat.linkabezpeci.cz\/\">https:\/\/chat.linkabezpeci.cz<\/a><\/li>\n<li>K-centrum Most, ul. Petra Jilemnick\u00e9ho 1929\/9, tel. 602 219 372,&nbsp;<a href=\"https:\/\/www.mostknadeji.eu\/\">mostknadeji.eu<\/a><\/li>\n<li>Poradensk\u00e9 slu\u017eby o n\u00e1vykov\u00fdch l\u00e1tk\u00e1ch i jin\u00fdch probl\u00e9mech souvisej\u00edc\u00edch s rizikov\u00fdm chov\u00e1n\u00edm: www.odrogach.cz,&nbsp;<a href=\"https:\/\/www.sananim.cz.\/\">sananim.cz.<\/a><\/li>\n<\/ul>\n<p><strong>Odkaz na zdroje<\/strong><\/p>\n<p>\u0160koln\u00ed preventivn\u00ed program pro \u0161koln\u00ed rok 2025\/2026 \u2013 <strong><a href=\"https:\/\/www.vos-sosmost.cz\/wp-content\/uploads\/2025\/09\/Skolni-preventivni-program-2025-2026.pdf\">ve form\u00e1tu PDF<\/a><\/strong><\/p>\n<p>Pl\u00e1n v\u00fdchovn\u00e9ho poradenstv\u00ed pro \u0161koln\u00ed rok 2025\/2026 \u2013 <strong><a href=\"https:\/\/www.vos-sosmost.cz\/wp-content\/uploads\/2025\/09\/Plan-VP-2025-2026.pdf\">ve form\u00e1tu PDF<\/a><\/strong><\/p>\n<p>\u0160koln\u00ed \u0159\u00e1d \u2013<a href=\"\/titulni\/dokumenty\/skolni_rad.pdf\"><strong> ve form\u00e1tu PDF<\/strong><\/a><\/p>\n<p><strong>Metodick\u00fd pokyn M\u0160MT<\/strong><\/p>\n<p>Metodick\u00fd pokyn ministryn\u011b \u0161kolstv\u00ed, ml\u00e1de\u017ee a t\u011blov\u00fdchovy k prevenci a \u0159e\u0161en\u00ed \u0161ikany ve \u0161kol\u00e1ch a \u0161kolsk\u00fdch za\u0159\u00edzen\u00edch (\u010d. j. MSMT-21149\/2016)&nbsp;<a href=\"https:\/\/www.msmt.cz\/file\/38988\/\">https:\/\/www.msmt.cz\/file\/38988\/<\/a><\/p>\n<p>Metodick\u00e9 doporu\u010den\u00ed k prim\u00e1rn\u00ed prevenci rizikov\u00e9ho chov\u00e1n\u00ed u d\u011bt\u00ed a ml\u00e1de\u017ee (Dokument M\u0160MT \u010d. j.: 21291\/2010-28)&nbsp;<a href=\"https:\/\/www.msmt.cz\/uploads\/Metodicke_doporuceni_uvodni_cast.doc\">https:\/\/www.msmt.cz\/uploads\/Metodicke_doporuceni_uvodni_cast.doc<\/a><\/p>\n<p><strong>Doporu\u010den\u00ed \u017e\u00e1k\u016fm k pod\u00e1n\u00ed p\u0159ihl\u00e1\u0161ky a k p\u0159ij\u00edmac\u00edm zkou\u0161k\u00e1m na V\u0160<\/strong><\/p>\n<p>P\u0159ihl\u00e1\u0161ku na V\u0160 a VO\u0160 si m\u016f\u017eete zakoupit u v\u00fdchovn\u00e9ho poradce sv\u00e9 \u0161koly, na studijn\u00edm odd\u011blen\u00ed V\u0160 nebo VO\u0160 nebo st\u00e1hnout z internetu.<\/p>\n<p>P\u0159ihl\u00e1\u0161ku k p\u0159ij\u00edmac\u00edmu \u0159\u00edzen\u00ed na ve\u0159ejn\u00e9 V\u0160 mus\u00edte poslat nejpozd\u011bji do 28. \u00fanora (n\u011bkter\u00e9 \u0161koly do 31. b\u0159ezna), soukrom\u00e9 \u0161koly maj\u00ed vlastn\u00ed term\u00edny \u2013 v\u011bt\u0161inou do konce b\u0159ezna nebo dubna.<\/p>\n<p>P\u0159ihl\u00e1\u0161ka na VO\u0160 se pod\u00e1v\u00e1 do 31. kv\u011btna. Na druh\u00e9 kolo p\u0159ij\u00edmac\u00edho \u0159\u00edzen\u00ed se pod\u00e1vaj\u00ed p\u0159ihl\u00e1\u0161ky v pr\u016fb\u011bhu pr\u00e1zdnin, t\u0159et\u00ed kolo prob\u00edh\u00e1 po podzimn\u00edm term\u00ednu maturit \u2013 aktu\u00e1ln\u00ed term\u00edny sledujte na str\u00e1nk\u00e1ch \u0161koly.<\/p>\n<p>K p\u0159ij\u00edmac\u00edmu \u0159\u00edzen\u00ed na VO\u0160 nebo V\u0160 si m\u016f\u017eete podat libovoln\u00fd po\u010det p\u0159ihl\u00e1\u0161ek \u2013 pozor: nesm\u00ed se kr\u00fdt term\u00edny p\u0159ij\u00edmac\u00edch zkou\u0161ek.<\/p>\n<p>Za pod\u00e1n\u00ed jedn\u00e9 p\u0159ihl\u00e1\u0161ky na V\u0160 zaplat\u00edte v pr\u016fm\u011bru 500 K\u010d.<\/p>\n<p>V\u011bt\u0161ina V\u0160 p\u0159ij\u00edm\u00e1 elektronickou p\u0159ihl\u00e1\u0161ku.<\/p>\n<p>Pro za\u0159azen\u00ed do p\u0159ij\u00edmac\u00edho \u0159\u00edzen\u00ed mus\u00edte splnit v\u0161echny po\u017eadavky p\u0159\u00edslu\u0161n\u00e9 V\u0160\/VO\u0160 = podat v\u010das p\u0159ihl\u00e1\u0161ku, zaplatit poplatek, dodat dal\u0161\u00ed po\u017eadovan\u00e9 n\u00e1le\u017eitosti \u2013 nap\u0159. potvrzen\u00ed od l\u00e9ka\u0159e o zp\u016fsobilosti studovat p\u0159\u00edslu\u0161n\u00fd obor (hlavn\u011b u zdravotnick\u00fdch obor\u016f), p\u0159ehled studijn\u00edch v\u00fdsledk\u016f \u2013 zn\u00e1mek za ur\u010dit\u00e9 obdob\u00ed studia na st\u0159edn\u00ed \u0161kole z dan\u00fdch p\u0159edm\u011bt\u016f na st\u0159edn\u00ed \u0161kole, portfolio, kter\u00e9 dokl\u00e1d\u00e1 z\u00e1jem o studijn\u00ed obor (p\u0159ev\u00e1\u017en\u011b u um\u011bleck\u00fdch obor\u016f).<\/p>\n<p>Ka\u017ed\u00e1 V\u0160\/VO\u0160 m\u00e1 odli\u0161n\u00fd term\u00edn p\u0159ij\u00edmac\u00edho \u0159\u00edzen\u00ed \u2013 datum p\u0159ij\u00edmac\u00edho \u0159\u00edzen\u00ed v\u00e1m bude sd\u011bleno v pozv\u00e1nce od dan\u00e9 \u0161koly. V\u0160\/VO\u0160 v\u00e1s rovn\u011b\u017e bude p\u00edsemn\u011b informovat o v\u00fdsledku p\u0159ij\u00edmac\u00edho \u0159\u00edzen\u00ed. P\u0159ij\u00edmac\u00ed zkou\u0161ky prob\u00edhaj\u00ed v\u011bt\u0161inou formou testu, n\u011bkter\u00e9 \u0161koly pou\u017e\u00edvaj\u00ed test obecn\u00fdch studijn\u00edch p\u0159edpoklad\u016f nebo N\u00e1rodn\u00ed srovn\u00e1vac\u00ed zkou\u0161ky spole\u010dnosti SCIO, u n\u00ed\u017e je nutno se k term\u00ednu zkou\u0161ky elektronicky p\u0159ihl\u00e1sit a zkou\u0161ku zaplatit. Uchaze\u010d se m\u016f\u017ee p\u0159ihl\u00e1sit k v\u00edce term\u00edn\u016fm, SCIO pot\u00e9 zas\u00edl\u00e1 vysok\u00e9 \u0161kole v\u00e1\u0161 nejlep\u0161\u00ed v\u00fdsledek. N\u011bkter\u00e9 \u0161koly p\u0159ij\u00edmac\u00ed zkou\u0161ky nepo\u0159\u00e1daj\u00ed.<\/p>\n<\/div>\n","protected":false},"excerpt":{"rendered":"<p>Elektronick\u00e1 schr\u00e1nka d\u016fv\u011bry: feelokay [zavin\u00e1\u010d] vos-sosmost.cz Pracovn\u00edci \u0161koln\u00edho poradensk\u00e9ho pracovi\u0161t\u011b \u0160koln\u00ed psycholog Mgr. Veronika Smet\u00e1nkov\u00e1 kontakt: e-mail smetankova(zavinac)vos-sosmost.cz Konzultace (nutn\u00e9 domluvit p\u0159edem p\u0159es e-mail, p\u0159\u00edpadn\u011b p\u0159es v\u00fdchovn\u00e9 poradce \u010di t\u0159\u00eddn\u00ed u\u010ditele) pond\u011bl\u00ed 8:00 \u2013 15:00 hodin budova A (C401) \u00fater\u00fd <a href=\"https:\/\/www.vos-sosmost.cz\/index.php\/o-skole\/poradenske-sluzby\/\" class=\"read-more\">Read More &#8230;<\/a><\/p>\n","protected":false},"author":1,"featured_media":0,"parent":353,"menu_order":0,"comment_status":"closed","ping_status":"closed","template":"","meta":{"ngg_post_thumbnail":0,"footnotes":""},"class_list":["post-852","page","type-page","status-publish","hentry"],"_links":{"self":[{"href":"https:\/\/www.vos-sosmost.cz\/index.php\/wp-json\/wp\/v2\/pages\/852","targetHints":{"allow":["GET"]}}],"collection":[{"href":"https:\/\/www.vos-sosmost.cz\/index.php\/wp-json\/wp\/v2\/pages"}],"about":[{"href":"https:\/\/www.vos-sosmost.cz\/index.php\/wp-json\/wp\/v2\/types\/page"}],"author":[{"embeddable":true,"href":"https:\/\/www.vos-sosmost.cz\/index.php\/wp-json\/wp\/v2\/users\/1"}],"replies":[{"embeddable":true,"href":"https:\/\/www.vos-sosmost.cz\/index.php\/wp-json\/wp\/v2\/comments?post=852"}],"version-history":[{"count":35,"href":"https:\/\/www.vos-sosmost.cz\/index.php\/wp-json\/wp\/v2\/pages\/852\/revisions"}],"predecessor-version":[{"id":9134,"href":"https:\/\/www.vos-sosmost.cz\/index.php\/wp-json\/wp\/v2\/pages\/852\/revisions\/9134"}],"up":[{"embeddable":true,"href":"https:\/\/www.vos-sosmost.cz\/index.php\/wp-json\/wp\/v2\/pages\/353"}],"wp:attachment":[{"href":"https:\/\/www.vos-sosmost.cz\/index.php\/wp-json\/wp\/v2\/media?parent=852"}],"curies":[{"name":"wp","href":"https:\/\/api.w.org\/{rel}","templated":true}]}}