{"id":191,"date":"2023-08-05T07:22:02","date_gmt":"2023-08-05T05:22:02","guid":{"rendered":"https:\/\/www.vos-sosmost.cz\/?page_id=191"},"modified":"2025-11-14T10:41:53","modified_gmt":"2025-11-14T09:41:53","slug":"spravni-zamestnanci","status":"publish","type":"page","link":"https:\/\/www.vos-sosmost.cz\/index.php\/o-skole\/spravni-zamestnanci\/","title":{"rendered":"Spr\u00e1vn\u00ed zam\u011bstnanci"},"content":{"rendered":"<p>E-mailov\u00fd kontakt na jednotliv\u00e9 osoby:&nbsp;<b>prijmeni (zavin\u00e1\u010d) vos-sosmost.cz.<\/b><\/p>\n<p>Linka slou\u017e\u00ed pro p\u0159\u00edm\u00e9 spojen\u00ed s konkr\u00e9tn\u00ed osobou po zavol\u00e1n\u00ed na telefonn\u00ed \u010d\u00edslo&nbsp;<strong>417 637 477<\/strong>.<\/p>\n<table class=\"mceItemTable\" style=\"width: 88.6244%; height: 456px;\" border=\"0\">\n<tbody>\n<tr style=\"height: 24px;\">\n<td style=\"width: 37.0012%; height: 24px;\"><b>Bc. Pavl\u00edna \u0160tiakov\u00e1, DiS.<\/b><\/td>\n<td style=\"width: 41.2266%; height: 24px;\">pokladn\u00ed\/\u00fa\u010detn\u00ed<\/td>\n<td style=\"width: 28.3339%; height: 24px;\" align=\"center\">linka 103<\/td>\n<\/tr>\n<tr style=\"height: 24px;\">\n<td style=\"width: 37.0012%; height: 24px;\"><b>Iveta Filipov\u00e1, DiS.<\/b><\/td>\n<td style=\"width: 41.2266%; height: 24px;\">studijn\u00ed referentka VO\u0160<\/td>\n<td style=\"width: 28.3339%; height: 24px;\" align=\"center\">linka 102<\/td>\n<\/tr>\n<tr style=\"height: 24px;\">\n<td style=\"width: 37.0012%; height: 24px;\"><b>Jana Dro\u017eov\u00e1<\/b><\/td>\n<td style=\"width: 41.2266%; height: 24px;\">studijn\u00ed referentka SO\u0160 (zdravotnick\u00e9 obory)<\/td>\n<td style=\"width: 28.3339%; height: 24px;\" align=\"center\">linka 147<\/td>\n<\/tr>\n<tr style=\"height: 48px;\">\n<td style=\"width: 37.0012%; height: 48px;\"><b>Mgr. Jaroslava Kohoutov\u00e1<\/b><\/td>\n<td style=\"width: 41.2266%; height: 48px;\">studijn\u00ed referentka SO\u0160 (ekonomick\u00e9 a pedagogick\u00e9 obory)<\/td>\n<td style=\"width: 28.3339%; height: 48px;\" align=\"center\">linka 104<\/td>\n<\/tr>\n<tr style=\"height: 24px;\">\n<td style=\"width: 37.0012%; height: 24px;\"><b>Ing. Barbora Nechvapilov\u00e1<\/b><\/td>\n<td style=\"width: 41.2266%; height: 24px;\">administrativn\u00ed a ekonomick\u00e1 referentka<\/td>\n<td style=\"width: 28.3339%; height: 24px;\" align=\"center\">linka 140<\/td>\n<\/tr>\n<tr style=\"height: 24px;\">\n<td style=\"width: 37.0012%; height: 24px;\"><b>Jana Ber\u00e1nkov\u00e1<\/b><\/td>\n<td style=\"width: 41.2266%; height: 24px;\">rozpo\u010dt\u00e1\u0159ka<\/td>\n<td style=\"width: 28.3339%; height: 24px;\" align=\"center\">linka 106<\/td>\n<\/tr>\n<tr style=\"height: 24px;\">\n<td style=\"width: 37.0012%; height: 24px;\"><b>Jarmila Sipplov\u00e1<\/b><\/td>\n<td style=\"width: 41.2266%; height: 24px;\">\u00fa\u010detn\u00ed<\/td>\n<td style=\"width: 28.3339%; height: 24px;\" align=\"center\">linka 105<\/td>\n<\/tr>\n<tr style=\"height: 24px;\">\n<td style=\"width: 37.0012%; height: 24px;\"><b>Kate\u0159ina Kub\u00e1tov\u00e1<\/b><\/td>\n<td style=\"width: 41.2266%; height: 24px;\">mzdov\u00e1 \u00fa\u010detn\u00ed\/personalista<\/td>\n<td style=\"width: 28.3339%; text-align: center; height: 24px;\">linka 109<\/td>\n<\/tr>\n<tr style=\"height: 24px;\">\n<td style=\"width: 37.0012%; height: 24px;\"><b>Monika \u0160t\u011bp\u00e1nkov\u00e1, DiS.<\/b><\/td>\n<td style=\"width: 41.2266%; height: 24px;\">referentka majetkov\u00e9 a ICT spr\u00e1vy<\/td>\n<td style=\"width: 28.3339%; text-align: center; height: 24px;\">linka 110<\/td>\n<\/tr>\n<tr style=\"height: 24px;\">\n<td style=\"width: 37.0012%; height: 24px;\"><b>Martin Solna\u0159<br \/>\n<\/b><\/td>\n<td style=\"width: 41.2266%; height: 24px;\">spr\u00e1vce ICT<\/td>\n<td style=\"width: 28.3339%; height: 24px;\" align=\"center\">linka 110, 161<\/td>\n<\/tr>\n<tr style=\"height: 24px;\">\n<td style=\"width: 37.0012%; height: 24px;\"><b>Tereza Havl\u00ednov\u00e1<\/b><\/td>\n<td style=\"width: 41.2266%; height: 24px;\">referentka informa\u010dn\u00edho centra, budova A<\/td>\n<td style=\"width: 28.3339%; height: 24px; text-align: center;\">linka 137<\/td>\n<\/tr>\n<tr style=\"height: 24px;\">\n<td style=\"width: 37.0012%; height: 24px;\"><b>Ludmila Pohlov\u00e1<\/b><\/td>\n<td style=\"width: 41.2266%; height: 24px;\">referentka informa\u010dn\u00edho centra, budova B<\/td>\n<td style=\"width: 28.3339%; height: 24px;\" align=\"center\">linka 150<\/td>\n<\/tr>\n<tr style=\"height: 24px;\">\n<td style=\"width: 37.0012%; height: 24px;\"><b>Ji\u0159\u00ed Hermann<\/b><\/td>\n<td style=\"width: 41.2266%; height: 24px;\">\u0161koln\u00edk, budova A<\/td>\n<td style=\"width: 28.3339%; height: 24px;\" align=\"center\">linka 135<\/td>\n<\/tr>\n<tr style=\"height: 24px;\">\n<td style=\"width: 37.0012%; height: 24px;\"><b>Miroslav Potu\u017e\u00e1k<\/b><\/td>\n<td style=\"width: 41.2266%; height: 24px;\">\u0161koln\u00edk, budova B<\/td>\n<td style=\"width: 28.3339%; height: 24px;\" align=\"center\">linka 166<\/td>\n<\/tr>\n<tr style=\"height: 24px;\">\n<td style=\"width: 37.0012%; height: 24px;\"><b>Miroslav Sch\u00fcller<\/b><\/td>\n<td style=\"width: 41.2266%; height: 24px;\">\u0161koln\u00edk, budova C<\/td>\n<td style=\"width: 28.3339%; text-align: center; height: 24px;\">linka 166<\/td>\n<\/tr>\n<tr style=\"height: 24px;\">\n<td style=\"width: 37.0012%; height: 24px;\"><b>Miroslava Vytla\u010dilov\u00e1<\/b><\/td>\n<td style=\"width: 41.2266%; height: 24px;\">vedouc\u00ed \u0161koln\u00ed j\u00eddelny, budova A<\/td>\n<td style=\"width: 28.3339%; height: 24px;\" align=\"center\">linka 134<\/td>\n<\/tr>\n<tr style=\"height: 24px;\">\n<td style=\"width: 37.0012%; height: 24px;\"><b>Ing. Barbora Kunov\u00e1<\/b><\/td>\n<td style=\"width: 41.2266%; height: 24px;\">vedouc\u00ed \u0161koln\u00ed j\u00eddelny, budova C<\/td>\n<td style=\"width: 28.3339%; text-align: center; height: 24px;\">linka 178<\/td>\n<\/tr>\n<tr style=\"height: 24px;\">\n<td style=\"width: 37.0012%; height: 24px;\"><b>Ivana \u017dilkov\u00e1<\/b><\/td>\n<td style=\"width: 41.2266%; height: 24px;\">vedouc\u00ed provozu budovy DM<\/td>\n<td style=\"width: 28.3339%; text-align: center; height: 24px;\">linka 178<\/td>\n<\/tr>\n<tr>\n<td style=\"width: 37.0012%;\"><b>Jan Kurach<\/b><\/td>\n<td style=\"width: 41.2266%;\">vedouc\u00ed provozn\u00edch jednotek<\/td>\n<td style=\"width: 28.3339%; text-align: center;\">linka 177<\/td>\n<\/tr>\n<\/tbody>\n<\/table>\n<p>Informace jsou aktu\u00e1ln\u00ed pro \u0161koln\u00ed rok 2025\/2026.<\/p>\n","protected":false},"excerpt":{"rendered":"<p>E-mailov\u00fd kontakt na jednotliv\u00e9 osoby:&nbsp;prijmeni (zavin\u00e1\u010d) vos-sosmost.cz. Linka slou\u017e\u00ed pro p\u0159\u00edm\u00e9 spojen\u00ed s konkr\u00e9tn\u00ed osobou po zavol\u00e1n\u00ed na telefonn\u00ed \u010d\u00edslo&nbsp;417 637 477. Bc. Pavl\u00edna \u0160tiakov\u00e1, DiS. pokladn\u00ed\/\u00fa\u010detn\u00ed linka 103 Iveta Filipov\u00e1, DiS. studijn\u00ed referentka VO\u0160 linka 102 Jana Dro\u017eov\u00e1 studijn\u00ed <a href=\"https:\/\/www.vos-sosmost.cz\/index.php\/o-skole\/spravni-zamestnanci\/\" class=\"read-more\">Read More &#8230;<\/a><\/p>\n","protected":false},"author":1,"featured_media":0,"parent":353,"menu_order":4,"comment_status":"closed","ping_status":"closed","template":"","meta":{"ngg_post_thumbnail":0,"footnotes":""},"class_list":["post-191","page","type-page","status-publish","hentry"],"_links":{"self":[{"href":"https:\/\/www.vos-sosmost.cz\/index.php\/wp-json\/wp\/v2\/pages\/191","targetHints":{"allow":["GET"]}}],"collection":[{"href":"https:\/\/www.vos-sosmost.cz\/index.php\/wp-json\/wp\/v2\/pages"}],"about":[{"href":"https:\/\/www.vos-sosmost.cz\/index.php\/wp-json\/wp\/v2\/types\/page"}],"author":[{"embeddable":true,"href":"https:\/\/www.vos-sosmost.cz\/index.php\/wp-json\/wp\/v2\/users\/1"}],"replies":[{"embeddable":true,"href":"https:\/\/www.vos-sosmost.cz\/index.php\/wp-json\/wp\/v2\/comments?post=191"}],"version-history":[{"count":34,"href":"https:\/\/www.vos-sosmost.cz\/index.php\/wp-json\/wp\/v2\/pages\/191\/revisions"}],"predecessor-version":[{"id":9095,"href":"https:\/\/www.vos-sosmost.cz\/index.php\/wp-json\/wp\/v2\/pages\/191\/revisions\/9095"}],"up":[{"embeddable":true,"href":"https:\/\/www.vos-sosmost.cz\/index.php\/wp-json\/wp\/v2\/pages\/353"}],"wp:attachment":[{"href":"https:\/\/www.vos-sosmost.cz\/index.php\/wp-json\/wp\/v2\/media?parent=191"}],"curies":[{"name":"wp","href":"https:\/\/api.w.org\/{rel}","templated":true}]}}